{"id":6118,"date":"2025-02-24T13:18:09","date_gmt":"2025-02-24T13:18:09","guid":{"rendered":"https:\/\/bleger.fr\/gewurzt-orange\/"},"modified":"2025-06-14T09:27:23","modified_gmt":"2025-06-14T09:27:23","slug":"gewurzt-orange","status":"publish","type":"page","link":"https:\/\/bleger.fr\/de\/gewurzt-orange\/","title":{"rendered":"Gewurzt orange"},"content":{"rendered":"<p>[et_pb_section fb_built=&#8220;1&#8243; _builder_version=&#8220;4.27.4&#8243; _module_preset=&#8220;default&#8220; background_color=&#8220;gcid-586e0179-3da4-4405-86cd-c9a2ec12f30d&#8220; custom_padding=&#8220;||54px|||&#8220; global_colors_info=&#8220;{%22gcid-586e0179-3da4-4405-86cd-c9a2ec12f30d%22:%91%22background_color%22%93}&#8220;][et_pb_row column_structure=&#8220;3_5,2_5&#8243; use_custom_gutter=&#8220;on&#8220; gutter_width=&#8220;2&#8243; make_equal=&#8220;on&#8220; _builder_version=&#8220;4.27.4&#8243; _module_preset=&#8220;default&#8220; background_color=&#8220;#FFFFFF&#8220; width=&#8220;90%&#8220; max_width=&#8220;90%&#8220; custom_margin=&#8220;||3%||false|false&#8220; custom_padding=&#8220;0px|0px|0px|3%|true|false&#8220; border_radii=&#8220;off|10px|10px|10px|10px&#8220; global_colors_info=&#8220;{}&#8220;][et_pb_column type=&#8220;3_5&#8243; _builder_version=&#8220;4.27.4&#8243; _module_preset=&#8220;default&#8220; custom_padding=&#8220;5%|0%|5%|2%|true|false&#8220; global_colors_info=&#8220;{}&#8220;][et_pb_text _builder_version=&#8220;4.27.4&#8243; _module_preset=&#8220;default&#8220; header_font=&#8220;Lovelace Regular|600|||||||&#8220; header_text_color=&#8220;gcid-586e0179-3da4-4405-86cd-c9a2ec12f30d&#8220; header_font_size=&#8220;14px&#8220; background_color=&#8220;gcid-3611aca6-68b3-47c2-acc5-70e472902818&#8243; module_alignment=&#8220;left&#8220; custom_margin=&#8220;||2%||false|false&#8220; custom_padding=&#8220;10px|25px|0px|25px|false|true&#8220; custom_css_main_element=&#8220;display:inline-block;&#8220; border_radii=&#8220;on|200px|200px|200px|200px&#8220; global_colors_info=&#8220;{%22gcid-3611aca6-68b3-47c2-acc5-70e472902818%22:%91%22background_color%22%93,%22gcid-586e0179-3da4-4405-86cd-c9a2ec12f30d%22:%91%22header_text_color%22%93}&#8220;]<\/p>\n<h1>Gewurztraminer orange<\/h1>\n<p>[\/et_pb_text][et_pb_text _builder_version=&#8220;4.27.4&#8243; _module_preset=&#8220;default&#8220; header_2_font=&#8220;Nunito|||on|||||&#8220; header_2_text_color=&#8220;#000000&#8243; header_2_font_size=&#8220;37px&#8220; header_2_line_height=&#8220;1.3em&#8220; custom_margin=&#8220;||2%||false|false&#8220; custom_padding=&#8220;0px||||false|false&#8220; global_colors_info=&#8220;{}&#8220;]<\/p>\n<h2>Der Gew\u00fcrztraminer Orange in unserem Shop<\/h2>\n<p>[\/et_pb_text][et_pb_text _builder_version=&#8220;4.27.4&#8243; _module_preset=&#8220;default&#8220; text_font=&#8220;Nunito|600|||||||&#8220; text_text_color=&#8220;#000000&#8243; text_font_size=&#8220;16px&#8220; global_colors_info=&#8220;{}&#8220;]Ein aromatischer, leichter und sehr frischer Els\u00e4sser Wein<\/p>\n<p>Dieser Wein ist das Ergebnis einer kontrollierten Weinbereitung aus handgelesenen Trauben. Nach dem Abbeeren und einer 6-t\u00e4gigen Maischeg\u00e4rung wird er sanft gepresst und kalt gekl\u00e4rt. Die G\u00e4rung erfolgt unter Temperaturregelung, gefolgt von einem Ausbau auf der Feinhefe. Eine Filtration vor der Flaschenabf\u00fcllung sorgt f\u00fcr Klarheit und Stabilit\u00e4t und erm\u00f6glicht eine leichte Alterung.   <\/p>\n<p>In der Nase entfaltet er eine fruchtige F\u00fclle, die von exotischen Noten gepr\u00e4gt und mit einem Hauch von Gew\u00fcrzen verfeinert ist. Im Mund entdeckt man einen halbtrockenen Wein mit einer der Nase getreuen Aromenpalette, die von einer sch\u00f6nen Leichtigkeit und einer sehr angenehmen Frische getragen wird. <\/p>\n<p>Ideal als Aperitif, gut gek\u00fchlt, passt er auch hervorragend zu w\u00fcrziger K\u00fcche, gro\u00dfz\u00fcgigen Gerichten und einer sch\u00f6nen Auswahl an K\u00e4sesorten.[\/et_pb_text][et_pb_button button_url=&#8220;#vin&#8220; button_text=&#8220;Entdecken Sie&#8220; _builder_version=&#8220;4.27.4&#8243; _module_preset=&#8220;6d78355a-bd81-420f-85b9-865e1ad4c17d&#8220; custom_margin=&#8220;||0%||false|false&#8220; global_colors_info=&#8220;{}&#8220;][\/et_pb_button][\/et_pb_column][et_pb_column type=&#8220;2_5&#8243; _builder_version=&#8220;4.27.4&#8243; _module_preset=&#8220;default&#8220; use_background_color_gradient=&#8220;on&#8220; background_color_gradient_stops=&#8220;rgba(0,0,0,0.32) 0%|rgba(0,0,0,0) 99%&#8220; background_color_gradient_overlays_image=&#8220;on&#8220; background_image=&#8220;https:\/\/bleger.fr\/wp-content\/uploads\/2025\/02\/vin-orange.webp&#8220; border_radii=&#8220;on|0px|0px|0px|0px&#8220; global_colors_info=&#8220;{}&#8220;][\/et_pb_column][\/et_pb_row][et_pb_row use_custom_gutter=&#8220;on&#8220; gutter_width=&#8220;1&#8243; module_id=&#8220;vin&#8220; _builder_version=&#8220;4.27.4&#8243; _module_preset=&#8220;default&#8220; width=&#8220;90%&#8220; max_width=&#8220;90%&#8220; global_colors_info=&#8220;{}&#8220;][et_pb_column type=&#8220;4_4&#8243; _builder_version=&#8220;4.27.4&#8243; _module_preset=&#8220;default&#8220; global_colors_info=&#8220;{}&#8220;][et_pb_shop type=&#8220;product_category&#8220; include_categories=&#8220;393&#8243; columns_number=&#8220;5&#8243; _builder_version=&#8220;4.27.4&#8243; _module_preset=&#8220;bf270719-a208-4f7f-a97b-0da3a5f9b2fd&#8220; global_colors_info=&#8220;{}&#8220;][\/et_pb_shop][\/et_pb_column][\/et_pb_row][\/et_pb_section][et_pb_section fb_built=&#8220;1&#8243; _builder_version=&#8220;4.27.4&#8243; _module_preset=&#8220;default&#8220; background_enable_color=&#8220;off&#8220; use_background_color_gradient=&#8220;on&#8220; background_color_gradient_stops=&#8220;rgba(0,0,0,0.5) 0%|rgba(0,0,0,0.67) 99%&#8220; background_color_gradient_overlays_image=&#8220;on&#8220; background_image=&#8220;https:\/\/bleger.fr\/wp-content\/uploads\/2025\/02\/Vente-et-fabrication-de-vin-rouge-rose-en-Alsace-Domaine-BLEGER.webp&#8220; custom_margin=&#8220;||4%||false|false&#8220; saved_tabs=&#8220;all&#8220; global_colors_info=&#8220;{}&#8220;][et_pb_row use_custom_gutter=&#8220;on&#8220; gutter_width=&#8220;2&#8243; make_equal=&#8220;on&#8220; _builder_version=&#8220;4.27.4&#8243; _module_preset=&#8220;default&#8220; background_enable_color=&#8220;off&#8220; width=&#8220;90%&#8220; max_width=&#8220;90%&#8220; custom_margin=&#8220;||0px||false|false&#8220; custom_padding=&#8220;0px|0px|0px|3%|true|false&#8220; border_radii=&#8220;on|10px|10px|10px|10px&#8220; global_colors_info=&#8220;{%22gcid-586e0179-3da4-4405-86cd-c9a2ec12f30d%22:%91%22background_color%22%93}&#8220;][et_pb_column type=&#8220;4_4&#8243; _builder_version=&#8220;4.27.4&#8243; _module_preset=&#8220;default&#8220; background_enable_color=&#8220;off&#8220; custom_padding=&#8220;2%|0%|2%|2%|true|false&#8220; global_colors_info=&#8220;{%22gcid-586e0179-3da4-4405-86cd-c9a2ec12f30d%22:%91%22background_color%22%93}&#8220;][et_pb_image src=&#8220;https:\/\/bleger.fr\/wp-content\/uploads\/2025\/02\/Logo-Bleger-BLANC-1.svg&#8220; title_text=&#8220;Logo Bl\u00e9ger %91BLANC%93&#8243; _builder_version=&#8220;4.27.4&#8243; _module_preset=&#8220;default&#8220; width=&#8220;10%&#8220; module_alignment=&#8220;center&#8220; global_colors_info=&#8220;{}&#8220;][\/et_pb_image][et_pb_text _builder_version=&#8220;4.27.4&#8243; _module_preset=&#8220;default&#8220; header_2_font=&#8220;Nunito|700|||||||&#8220; header_2_text_align=&#8220;center&#8220; header_2_text_color=&#8220;#FFFFFF&#8220; header_2_font_size=&#8220;40px&#8220; header_2_line_height=&#8220;1.3em&#8220; background_enable_color=&#8220;off&#8220; custom_margin=&#8220;||0%||false|false&#8220; custom_padding=&#8220;0px||||false|false&#8220; global_colors_info=&#8220;{}&#8220;]<\/p>\n<h2>Ein Bekenntnis zu Qualit\u00e4t und Natur<\/h2>\n<p>[\/et_pb_text][et_pb_text _builder_version=&#8220;4.27.4&#8243; _module_preset=&#8220;default&#8220; text_font=&#8220;Nunito|600|||||||&#8220; text_text_color=&#8220;#FFFFFF&#8220; text_font_size=&#8220;16px&#8220; ul_line_height=&#8220;1.9em&#8220; custom_margin=&#8220;||0px||false|false&#8220; custom_padding=&#8220;||0px||false|false&#8220; global_colors_info=&#8220;{}&#8220;]<\/p>\n<p style=\"text-align: center;\">Auf der Domaine Bl\u00e9ger beruht die Exzellenz unserer Weine auf einem tiefen Respekt vor der Natur und einem st\u00e4ndigen Streben nach Qualit\u00e4t. Seit mehreren Generationen bewirtschaften wir unsere Weinberge in Harmonie mit ihrer Umgebung und sind davon \u00fcberzeugt, dass der Reichtum eines Weines in der Erde beginnt, die ihn n\u00e4hrt. Unser Weingut ist f\u00fcr den biologischen Landbau zertifiziert, ein starkes Engagement, das Praktiken garantiert, die den Boden, die biologische Vielfalt und den nat\u00fcrlichen Zyklus der Reben respektieren. Wir bevorzugen nat\u00fcrliche Methoden und verbannen synthetische Pestizide und Herbizide, um die Reinheit unserer Trauben und die Authentizit\u00e4t unserer Terroirs zu bewahren.   <\/p>\n<p>[\/et_pb_text][\/et_pb_column][\/et_pb_row][et_pb_row column_structure=&#8220;1_3,1_3,1_3&#8243; use_custom_gutter=&#8220;on&#8220; make_equal=&#8220;on&#8220; _builder_version=&#8220;4.27.4&#8243; _module_preset=&#8220;default&#8220; width=&#8220;90%&#8220; max_width=&#8220;90%&#8220; global_colors_info=&#8220;{}&#8220;][et_pb_column type=&#8220;1_3&#8243; _builder_version=&#8220;4.27.4&#8243; _module_preset=&#8220;default&#8220; background_color=&#8220;gcid-586e0179-3da4-4405-86cd-c9a2ec12f30d&#8220; custom_padding=&#8220;1%|2%|2%|2%|false|true&#8220; border_radii=&#8220;on|10px|10px|10px|10px&#8220; global_colors_info=&#8220;{%22gcid-586e0179-3da4-4405-86cd-c9a2ec12f30d%22:%91%22background_color%22%93}&#8220;][et_pb_code _builder_version=&#8220;4.27.4&#8243; _module_preset=&#8220;default&#8220; text_orientation=&#8220;center&#8220; custom_margin=&#8220;||5%||false|false&#8220; custom_padding=&#8220;||0px||false|false&#8220; global_colors_info=&#8220;{}&#8220;]<script src=\"https:\/\/cdn.lordicon.com\/lordicon.js\"><\/script><!-- [et_pb_line_break_holder] --><lord-icon src=\"https:\/\/cdn.lordicon.com\/whmqasgs.json\" trigger=\"hover\" colors=\"primary:#96c22c,secondary:#2d2d2d\" style=\"width:60px;height:60px\"><!-- [et_pb_line_break_holder] --><\/lord-icon>[\/et_pb_code][et_pb_text _builder_version=&#8220;4.27.4&#8243; _module_preset=&#8220;default&#8220; text_font=&#8220;Nunito||||||||&#8220; text_text_color=&#8220;#000000&#8243; text_font_size=&#8220;16px&#8220; text_line_height=&#8220;1.4em&#8220; header_4_font=&#8220;Lovelace Regular|700|||||||&#8220; header_4_text_color=&#8220;#000000&#8243; header_4_line_height=&#8220;0.6em&#8220; text_orientation=&#8220;center&#8220; custom_margin=&#8220;||3%||false|false&#8220; custom_padding=&#8220;||0px||false|false&#8220; global_colors_info=&#8220;{}&#8220;]<\/p>\n<h4 style=\"text-align: center;\">Eine Weinbereitung,<\/h4>\n<h4 style=\"text-align: center;\">die die Trauben respektiert<\/h4>\n<p>[\/et_pb_text][et_pb_divider color=&#8220;gcid-7549515b-6adb-4dc8-9af4-1abd0cb0998f&#8220; divider_weight=&#8220;1px&#8220; _builder_version=&#8220;4.27.4&#8243; _module_preset=&#8220;default&#8220; width=&#8220;20%&#8220; module_alignment=&#8220;center&#8220; custom_margin=&#8220;0px||-2%||false|false&#8220; custom_padding=&#8220;0px||0px||false|false&#8220; global_colors_info=&#8220;{%22gcid-7549515b-6adb-4dc8-9af4-1abd0cb0998f%22:%91%22color%22%93}&#8220;][\/et_pb_divider][et_pb_text _builder_version=&#8220;4.27.4&#8243; _module_preset=&#8220;default&#8220; text_font=&#8220;Nunito||||||||&#8220; text_text_color=&#8220;#000000&#8243; text_font_size=&#8220;16px&#8220; text_line_height=&#8220;1.4em&#8220; header_4_font=&#8220;Nunito|700|||||||&#8220; header_4_text_color=&#8220;#000000&#8243; header_4_font_size=&#8220;22px&#8220; header_4_line_height=&#8220;0.6em&#8220; text_orientation=&#8220;center&#8220; custom_margin=&#8220;0px||||false|false&#8220; custom_padding=&#8220;0px||||false|false&#8220; global_colors_info=&#8220;{}&#8220;]<\/p>\n<p>Unsere manuelle Weinlese, die nat\u00fcrliche G\u00e4rung und die minimalistische Weinbereitung offenbaren die Authentizit\u00e4t des els\u00e4ssischen Terroirs und bieten reine, ausgewogene und charakterstarke Weine.<\/p>\n<p>[\/et_pb_text][\/et_pb_column][et_pb_column type=&#8220;1_3&#8243; _builder_version=&#8220;4.27.4&#8243; _module_preset=&#8220;default&#8220; background_color=&#8220;gcid-586e0179-3da4-4405-86cd-c9a2ec12f30d&#8220; custom_padding=&#8220;1%|2%|2%|2%|false|true&#8220; border_radii=&#8220;on|10px|10px|10px|10px&#8220; global_colors_info=&#8220;{%22gcid-586e0179-3da4-4405-86cd-c9a2ec12f30d%22:%91%22background_color%22,%22background_color%22%93}&#8220;][et_pb_code _builder_version=&#8220;4.27.4&#8243; _module_preset=&#8220;default&#8220; text_orientation=&#8220;center&#8220; custom_margin=&#8220;||5%||false|false&#8220; custom_padding=&#8220;||0px||false|false&#8220; global_colors_info=&#8220;{}&#8220;]<script src=\"https:\/\/cdn.lordicon.com\/lordicon.js\"><\/script><!-- [et_pb_line_break_holder] --><lord-icon src=\"https:\/\/cdn.lordicon.com\/ycwydima.json\" trigger=\"hover\" colors=\"primary:#96c22c,secondary:#2d2d2d\" style=\"width:60px;height:60px\"><!-- [et_pb_line_break_holder] --><\/lord-icon>[\/et_pb_code][et_pb_text _builder_version=&#8220;4.27.4&#8243; _module_preset=&#8220;default&#8220; text_font=&#8220;Nunito||||||||&#8220; text_text_color=&#8220;#000000&#8243; text_font_size=&#8220;16px&#8220; text_line_height=&#8220;1.4em&#8220; header_4_font=&#8220;Lovelace Regular|700|||||||&#8220; header_4_text_color=&#8220;#000000&#8243; header_4_line_height=&#8220;0.6em&#8220; text_orientation=&#8220;center&#8220; custom_margin=&#8220;||3%||false|false&#8220; custom_padding=&#8220;||0px||false|false&#8220; global_colors_info=&#8220;{}&#8220;]<\/p>\n<h4 style=\"text-align: center;\">Nachhaltiger und verantwortungsvoller<\/h4>\n<h4 style=\"text-align: center;\">Weinbau<\/h4>\n<p>[\/et_pb_text][et_pb_divider color=&#8220;gcid-7549515b-6adb-4dc8-9af4-1abd0cb0998f&#8220; divider_weight=&#8220;1px&#8220; _builder_version=&#8220;4.27.4&#8243; _module_preset=&#8220;default&#8220; width=&#8220;20%&#8220; module_alignment=&#8220;center&#8220; custom_margin=&#8220;0px||-2%||false|false&#8220; custom_padding=&#8220;0px||0px||false|false&#8220; global_colors_info=&#8220;{%22gcid-7549515b-6adb-4dc8-9af4-1abd0cb0998f%22:%91%22color%22%93}&#8220;][\/et_pb_divider][et_pb_text _builder_version=&#8220;4.27.4&#8243; _module_preset=&#8220;default&#8220; text_font=&#8220;Nunito||||||||&#8220; text_text_color=&#8220;#000000&#8243; text_font_size=&#8220;16px&#8220; text_line_height=&#8220;1.4em&#8220; header_4_font=&#8220;Nunito|700|||||||&#8220; header_4_text_color=&#8220;#000000&#8243; header_4_font_size=&#8220;22px&#8220; header_4_line_height=&#8220;0.6em&#8220; text_orientation=&#8220;center&#8220; custom_margin=&#8220;0px||||false|false&#8220; custom_padding=&#8220;0px||||false|false&#8220; global_colors_info=&#8220;{}&#8220;]<\/p>\n<p>Wir bewirtschaften unsere Weinberge im Einklang mit den nat\u00fcrlichen Zyklen, indem wir Begr\u00fcnung, Handarbeit und biologische Verfahren f\u00f6rdern und so die Biodiversit\u00e4t und das Gleichgewicht unseres Terroirs bewahren.<\/p>\n<p>[\/et_pb_text][\/et_pb_column][et_pb_column type=&#8220;1_3&#8243; _builder_version=&#8220;4.27.4&#8243; _module_preset=&#8220;default&#8220; background_color=&#8220;gcid-586e0179-3da4-4405-86cd-c9a2ec12f30d&#8220; custom_padding=&#8220;1%|2%|2%|2%|false|true&#8220; border_radii=&#8220;on|10px|10px|10px|10px&#8220; global_colors_info=&#8220;{%22gcid-586e0179-3da4-4405-86cd-c9a2ec12f30d%22:%91%22background_color%22,%22background_color%22%93}&#8220;][et_pb_code _builder_version=&#8220;4.27.4&#8243; _module_preset=&#8220;default&#8220; text_orientation=&#8220;center&#8220; custom_margin=&#8220;||5%||false|false&#8220; custom_padding=&#8220;||0px||false|false&#8220; global_colors_info=&#8220;{}&#8220;]<script src=\"https:\/\/cdn.lordicon.com\/lordicon.js\"><\/script><!-- [et_pb_line_break_holder] --><lord-icon src=\"https:\/\/cdn.lordicon.com\/gemrnilc.json\" trigger=\"hover\" colors=\"primary:#96c22c,secondary:#2d2d2d\" style=\"width:60px;height:60px\"><!-- [et_pb_line_break_holder] --><\/lord-icon>[\/et_pb_code][et_pb_text _builder_version=&#8220;4.27.4&#8243; _module_preset=&#8220;default&#8220; text_font=&#8220;Nunito||||||||&#8220; text_text_color=&#8220;#000000&#8243; text_font_size=&#8220;16px&#8220; text_line_height=&#8220;1.4em&#8220; header_4_font=&#8220;Lovelace Regular|700|||||||&#8220; header_4_text_color=&#8220;#000000&#8243; header_4_line_height=&#8220;0.6em&#8220; text_orientation=&#8220;center&#8220; custom_margin=&#8220;||3%||false|false&#8220; custom_padding=&#8220;||0px||false|false&#8220; global_colors_info=&#8220;{}&#8220;]<\/p>\n<h4 style=\"text-align: center;\">Eine kontrollierte<\/h4>\n<h4 style=\"text-align: center;\">Umweltbelastung<\/h4>\n<p>[\/et_pb_text][et_pb_divider color=&#8220;gcid-7549515b-6adb-4dc8-9af4-1abd0cb0998f&#8220; divider_weight=&#8220;1px&#8220; _builder_version=&#8220;4.27.4&#8243; _module_preset=&#8220;default&#8220; width=&#8220;20%&#8220; module_alignment=&#8220;center&#8220; custom_margin=&#8220;0px||-2%||false|false&#8220; custom_padding=&#8220;0px||0px||false|false&#8220; global_colors_info=&#8220;{%22gcid-7549515b-6adb-4dc8-9af4-1abd0cb0998f%22:%91%22color%22%93}&#8220;][\/et_pb_divider][et_pb_text _builder_version=&#8220;4.27.4&#8243; _module_preset=&#8220;default&#8220; text_font=&#8220;Nunito||||||||&#8220; text_text_color=&#8220;#000000&#8243; text_font_size=&#8220;16px&#8220; text_line_height=&#8220;1.4em&#8220; header_4_font=&#8220;Nunito|700|||||||&#8220; header_4_text_color=&#8220;#000000&#8243; header_4_font_size=&#8220;22px&#8220; header_4_line_height=&#8220;0.6em&#8220; text_orientation=&#8220;center&#8220; custom_margin=&#8220;0px||||false|false&#8220; custom_padding=&#8220;0px||||false|false&#8220; global_colors_info=&#8220;{}&#8220;]Wir engagieren uns f\u00fcr eine nachhaltige Zukunft und reduzieren unseren CO2-Fu\u00dfabdruck, indem wir das Wassermanagement optimieren, leichtere Flaschen verwenden und in jeder Phase unserer Produktion umweltvertr\u00e4gliche L\u00f6sungen anwenden.[\/et_pb_text][\/et_pb_column][\/et_pb_row][\/et_pb_section]<\/p>\n","protected":false},"excerpt":{"rendered":"<p>Gewurztraminer orangeDer Gew\u00fcrztraminer Orange in unserem ShopEin aromatischer, leichter und sehr frischer Els\u00e4sser Wein Dieser Wein ist das Ergebnis einer kontrollierten Weinbereitung aus handgelesenen Trauben. Nach dem Abbeeren und einer 6-t\u00e4gigen Maischeg\u00e4rung wird er sanft gepresst und kalt gekl\u00e4rt. Die G\u00e4rung erfolgt unter Temperaturregelung, gefolgt von einem Ausbau auf der Feinhefe. Eine Filtration vor der Flaschenabf\u00fcllung sorgt f\u00fcr Klarheit und Stabilit\u00e4t und erm\u00f6glicht eine leichte Alterung. In der Nase entfaltet er eine fruchtige F\u00fclle, die von exotischen Noten gepr\u00e4gt und mit einem Hauch von Gew\u00fcrzen verfeinert ist. Im Mund entdeckt man einen halbtrockenen Wein mit einer der Nase getreuen Aromenpalette, die von einer sch\u00f6nen Leichtigkeit und einer sehr angenehmen Frische getragen wird. Ideal als Aperitif, gut gek\u00fchlt, passt er auch hervorragend zu w\u00fcrziger K\u00fcche, gro\u00dfz\u00fcgigen Gerichten und einer sch\u00f6nen Auswahl an K\u00e4sesorten.Ein Bekenntnis zu Qualit\u00e4t und NaturAuf der Domaine Bl\u00e9ger beruht die Exzellenz unserer Weine auf einem tiefen Respekt vor der Natur und einem st\u00e4ndigen Streben nach Qualit\u00e4t. Seit mehreren Generationen bewirtschaften wir unsere Weinberge in Harmonie mit ihrer Umgebung und sind davon \u00fcberzeugt, dass der Reichtum eines Weines in der Erde beginnt, die ihn n\u00e4hrt. Unser Weingut ist f\u00fcr den biologischen Landbau zertifiziert, ein starkes Engagement, das Praktiken garantiert, [&hellip;]<\/p>\n","protected":false},"author":2,"featured_media":0,"parent":0,"menu_order":0,"comment_status":"closed","ping_status":"closed","template":"","meta":{"_acf_changed":false,"_et_pb_use_builder":"on","_et_pb_old_content":"","_et_gb_content_width":"","footnotes":""},"class_list":["post-6118","page","type-page","status-publish","hentry"],"acf":[],"yoast_head":"<!-- This site is optimized with the Yoast SEO plugin v26.5 - https:\/\/yoast.com\/wordpress\/plugins\/seo\/ -->\n<title>Gewurzt orange - Domaine Claude et Christophe Bl\u00e9ger<\/title>\n<meta name=\"robots\" content=\"index, follow, max-snippet:-1, max-image-preview:large, max-video-preview:-1\" \/>\n<link rel=\"canonical\" href=\"https:\/\/bleger.fr\/gewurzt-orange\/\" \/>\n<meta property=\"og:locale\" content=\"de_DE\" \/>\n<meta property=\"og:type\" content=\"article\" \/>\n<meta property=\"og:title\" content=\"Gewurzt orange - Domaine Claude et Christophe Bl\u00e9ger\" \/>\n<meta property=\"og:description\" content=\"Gewurztraminer orangeDer Gew\u00fcrztraminer Orange in unserem ShopEin aromatischer, leichter und sehr frischer Els\u00e4sser Wein Dieser Wein ist das Ergebnis einer kontrollierten Weinbereitung aus handgelesenen Trauben. Nach dem Abbeeren und einer 6-t\u00e4gigen Maischeg\u00e4rung wird er sanft gepresst und kalt gekl\u00e4rt. Die G\u00e4rung erfolgt unter Temperaturregelung, gefolgt von einem Ausbau auf der Feinhefe. Eine Filtration vor der Flaschenabf\u00fcllung sorgt f\u00fcr Klarheit und Stabilit\u00e4t und erm\u00f6glicht eine leichte Alterung. In der Nase entfaltet er eine fruchtige F\u00fclle, die von exotischen Noten gepr\u00e4gt und mit einem Hauch von Gew\u00fcrzen verfeinert ist. Im Mund entdeckt man einen halbtrockenen Wein mit einer der Nase getreuen Aromenpalette, die von einer sch\u00f6nen Leichtigkeit und einer sehr angenehmen Frische getragen wird. Ideal als Aperitif, gut gek\u00fchlt, passt er auch hervorragend zu w\u00fcrziger K\u00fcche, gro\u00dfz\u00fcgigen Gerichten und einer sch\u00f6nen Auswahl an K\u00e4sesorten.Ein Bekenntnis zu Qualit\u00e4t und NaturAuf der Domaine Bl\u00e9ger beruht die Exzellenz unserer Weine auf einem tiefen Respekt vor der Natur und einem st\u00e4ndigen Streben nach Qualit\u00e4t. Seit mehreren Generationen bewirtschaften wir unsere Weinberge in Harmonie mit ihrer Umgebung und sind davon \u00fcberzeugt, dass der Reichtum eines Weines in der Erde beginnt, die ihn n\u00e4hrt. Unser Weingut ist f\u00fcr den biologischen Landbau zertifiziert, ein starkes Engagement, das Praktiken garantiert, [&hellip;]\" \/>\n<meta property=\"og:url\" content=\"https:\/\/bleger.fr\/gewurzt-orange\/\" \/>\n<meta property=\"og:site_name\" content=\"Domaine Claude et Christophe Bl\u00e9ger\" \/>\n<meta property=\"article:modified_time\" content=\"2025-06-14T09:27:23+00:00\" \/>\n<meta name=\"twitter:card\" content=\"summary_large_image\" \/>\n<meta name=\"twitter:label1\" content=\"Gesch\u00e4tzte Lesezeit\" \/>\n\t<meta name=\"twitter:data1\" content=\"9\u00a0Minuten\" \/>\n<script type=\"application\/ld+json\" class=\"yoast-schema-graph\">{\"@context\":\"https:\/\/schema.org\",\"@graph\":[{\"@type\":\"WebPage\",\"@id\":\"https:\/\/bleger.fr\/gewurzt-orange\/\",\"url\":\"https:\/\/bleger.fr\/gewurzt-orange\/\",\"name\":\"Gewurzt orange - Domaine Claude et Christophe Bl\u00e9ger\",\"isPartOf\":{\"@id\":\"https:\/\/bleger.fr\/#website\"},\"datePublished\":\"2025-02-24T13:18:09+00:00\",\"dateModified\":\"2025-06-14T09:27:23+00:00\",\"breadcrumb\":{\"@id\":\"https:\/\/bleger.fr\/gewurzt-orange\/#breadcrumb\"},\"inLanguage\":\"de\",\"potentialAction\":[{\"@type\":\"ReadAction\",\"target\":[\"https:\/\/bleger.fr\/gewurzt-orange\/\"]}]},{\"@type\":\"BreadcrumbList\",\"@id\":\"https:\/\/bleger.fr\/gewurzt-orange\/#breadcrumb\",\"itemListElement\":[{\"@type\":\"ListItem\",\"position\":1,\"name\":\"Accueil\",\"item\":\"https:\/\/bleger.fr\/de\/\"},{\"@type\":\"ListItem\",\"position\":2,\"name\":\"Gewurzt orange\"}]},{\"@type\":\"WebSite\",\"@id\":\"https:\/\/bleger.fr\/#website\",\"url\":\"https:\/\/bleger.fr\/\",\"name\":\"Domaine Claude et Christophe Bl\u00e9ger\",\"description\":\"\",\"potentialAction\":[{\"@type\":\"SearchAction\",\"target\":{\"@type\":\"EntryPoint\",\"urlTemplate\":\"https:\/\/bleger.fr\/?s={search_term_string}\"},\"query-input\":{\"@type\":\"PropertyValueSpecification\",\"valueRequired\":true,\"valueName\":\"search_term_string\"}}],\"inLanguage\":\"de\"}]}<\/script>\n<!-- \/ Yoast SEO plugin. -->","yoast_head_json":{"title":"Gewurzt orange - Domaine Claude et Christophe Bl\u00e9ger","robots":{"index":"index","follow":"follow","max-snippet":"max-snippet:-1","max-image-preview":"max-image-preview:large","max-video-preview":"max-video-preview:-1"},"canonical":"https:\/\/bleger.fr\/gewurzt-orange\/","og_locale":"de_DE","og_type":"article","og_title":"Gewurzt orange - Domaine Claude et Christophe Bl\u00e9ger","og_description":"Gewurztraminer orangeDer Gew\u00fcrztraminer Orange in unserem ShopEin aromatischer, leichter und sehr frischer Els\u00e4sser Wein Dieser Wein ist das Ergebnis einer kontrollierten Weinbereitung aus handgelesenen Trauben. Nach dem Abbeeren und einer 6-t\u00e4gigen Maischeg\u00e4rung wird er sanft gepresst und kalt gekl\u00e4rt. Die G\u00e4rung erfolgt unter Temperaturregelung, gefolgt von einem Ausbau auf der Feinhefe. Eine Filtration vor der Flaschenabf\u00fcllung sorgt f\u00fcr Klarheit und Stabilit\u00e4t und erm\u00f6glicht eine leichte Alterung. In der Nase entfaltet er eine fruchtige F\u00fclle, die von exotischen Noten gepr\u00e4gt und mit einem Hauch von Gew\u00fcrzen verfeinert ist. Im Mund entdeckt man einen halbtrockenen Wein mit einer der Nase getreuen Aromenpalette, die von einer sch\u00f6nen Leichtigkeit und einer sehr angenehmen Frische getragen wird. Ideal als Aperitif, gut gek\u00fchlt, passt er auch hervorragend zu w\u00fcrziger K\u00fcche, gro\u00dfz\u00fcgigen Gerichten und einer sch\u00f6nen Auswahl an K\u00e4sesorten.Ein Bekenntnis zu Qualit\u00e4t und NaturAuf der Domaine Bl\u00e9ger beruht die Exzellenz unserer Weine auf einem tiefen Respekt vor der Natur und einem st\u00e4ndigen Streben nach Qualit\u00e4t. Seit mehreren Generationen bewirtschaften wir unsere Weinberge in Harmonie mit ihrer Umgebung und sind davon \u00fcberzeugt, dass der Reichtum eines Weines in der Erde beginnt, die ihn n\u00e4hrt. Unser Weingut ist f\u00fcr den biologischen Landbau zertifiziert, ein starkes Engagement, das Praktiken garantiert, [&hellip;]","og_url":"https:\/\/bleger.fr\/gewurzt-orange\/","og_site_name":"Domaine Claude et Christophe Bl\u00e9ger","article_modified_time":"2025-06-14T09:27:23+00:00","twitter_card":"summary_large_image","twitter_misc":{"Gesch\u00e4tzte Lesezeit":"9\u00a0Minuten"},"schema":{"@context":"https:\/\/schema.org","@graph":[{"@type":"WebPage","@id":"https:\/\/bleger.fr\/gewurzt-orange\/","url":"https:\/\/bleger.fr\/gewurzt-orange\/","name":"Gewurzt orange - Domaine Claude et Christophe Bl\u00e9ger","isPartOf":{"@id":"https:\/\/bleger.fr\/#website"},"datePublished":"2025-02-24T13:18:09+00:00","dateModified":"2025-06-14T09:27:23+00:00","breadcrumb":{"@id":"https:\/\/bleger.fr\/gewurzt-orange\/#breadcrumb"},"inLanguage":"de","potentialAction":[{"@type":"ReadAction","target":["https:\/\/bleger.fr\/gewurzt-orange\/"]}]},{"@type":"BreadcrumbList","@id":"https:\/\/bleger.fr\/gewurzt-orange\/#breadcrumb","itemListElement":[{"@type":"ListItem","position":1,"name":"Accueil","item":"https:\/\/bleger.fr\/de\/"},{"@type":"ListItem","position":2,"name":"Gewurzt orange"}]},{"@type":"WebSite","@id":"https:\/\/bleger.fr\/#website","url":"https:\/\/bleger.fr\/","name":"Domaine Claude et Christophe Bl\u00e9ger","description":"","potentialAction":[{"@type":"SearchAction","target":{"@type":"EntryPoint","urlTemplate":"https:\/\/bleger.fr\/?s={search_term_string}"},"query-input":{"@type":"PropertyValueSpecification","valueRequired":true,"valueName":"search_term_string"}}],"inLanguage":"de"}]}},"_links":{"self":[{"href":"https:\/\/bleger.fr\/de\/wp-json\/wp\/v2\/pages\/6118","targetHints":{"allow":["GET"]}}],"collection":[{"href":"https:\/\/bleger.fr\/de\/wp-json\/wp\/v2\/pages"}],"about":[{"href":"https:\/\/bleger.fr\/de\/wp-json\/wp\/v2\/types\/page"}],"author":[{"embeddable":true,"href":"https:\/\/bleger.fr\/de\/wp-json\/wp\/v2\/users\/2"}],"replies":[{"embeddable":true,"href":"https:\/\/bleger.fr\/de\/wp-json\/wp\/v2\/comments?post=6118"}],"version-history":[{"count":4,"href":"https:\/\/bleger.fr\/de\/wp-json\/wp\/v2\/pages\/6118\/revisions"}],"predecessor-version":[{"id":6871,"href":"https:\/\/bleger.fr\/de\/wp-json\/wp\/v2\/pages\/6118\/revisions\/6871"}],"wp:attachment":[{"href":"https:\/\/bleger.fr\/de\/wp-json\/wp\/v2\/media?parent=6118"}],"curies":[{"name":"wp","href":"https:\/\/api.w.org\/{rel}","templated":true}]}}