{"id":5384,"date":"2024-06-01T15:55:36","date_gmt":"2024-06-01T15:55:36","guid":{"rendered":"https:\/\/bleger.fr\/produit\/gewurztraminer-orange-75cl\/"},"modified":"2026-04-26T07:38:31","modified_gmt":"2026-04-26T07:38:31","slug":"gewurztraminer-orange-75cl","status":"publish","type":"product","link":"https:\/\/bleger.fr\/de\/produit\/gewurztraminer-orange-75cl\/","title":{"rendered":"Gewurztraminer Orange 2025 75cl"},"content":{"rendered":"","protected":false},"excerpt":{"rendered":"","protected":false},"featured_media":5682,"comment_status":"open","ping_status":"closed","template":"","meta":{"_acf_changed":false,"_et_pb_use_builder":"off","_et_pb_old_content":"<strong>Region<\/strong>: AOC Elsass (kontrollierte Herkunftsbezeichnung)\n<strong>Rebsorte<\/strong>:100% Gewurztraminer\n<strong>Cuv\u00e9e <\/strong>: Orange\n<strong>Jahrgang <\/strong>: 2023\n\n<strong>Parzelle <\/strong>: Huthoeffel\n<strong>Jahr der Anpflanzung<\/strong>: 1975\n<strong>Boden<\/strong>: Lehm-Kalkstein\n\n<strong>Weinbergsf\u00fchrung<\/strong>: Traditionell, seit jeher gepfl\u00fcgt, Einhaltung der Regeln der biologischen Landwirtschaft\n\n<strong>Weinbereitung und Ausbau<\/strong>: Handlese, Abbeeren, 48-st\u00fcndige Maischeg\u00e4rung, Keltern, statische Vorkl\u00e4rung bei K\u00e4lte, spontane G\u00e4rung, Temperaturregulierung, Ausbau auf der Feinhefe\n\n<strong>Verkostung<\/strong>: Nez fruit\u00e9 relev\u00e9 par une pointe d'\u00e9pices. En bouche en retrouve tous ces ar\u00f4me de fruits rouges, une belle structure, de la puissance, ainsi que la fra\u00eecheur qui lui procure sa tenue.\n\n<strong>Passt<\/strong> zu: Gegrilltem, Salaten, aber auch Vorspeisenbuffets, Wurstwaren, bestimmten Fleischsorten und leichten K\u00e4sesorten.\n\n<strong>S\u00fc\u00dfe <\/strong>: 10 g\/l\n<strong>Alkohol <\/strong>: 13% Vol.\n<strong>Lagerung <\/strong>: 5 Jahre\n<strong>Betriebstemperatur<\/strong>: 8 \u00b0C","_et_gb_content_width":""},"product_brand":[],"product_cat":[302,393],"product_tag":[190,303,304,187],"class_list":{"0":"post-5384","1":"product","2":"type-product","3":"status-publish","4":"has-post-thumbnail","6":"product_cat-elsass-rot-oder-rosewein","7":"product_cat-vins-orange-de","8":"product_tag-aoc-alsace-de","9":"product_tag-gewurztraminer-orange-de","10":"product_tag-vente-en-ligne-de-pinot-noir-de","11":"product_tag-vente-en-ligne-de-vin-dalsace-de-3","12":"product_shipping_class-flaschen","14":"first","15":"instock","16":"taxable","17":"shipping-taxable","18":"purchasable","19":"product-type-simple"},"acf":[],"yoast_head":"<!-- This site is optimized with the Yoast SEO plugin v26.5 - https:\/\/yoast.com\/wordpress\/plugins\/seo\/ -->\n<title>Gewurztraminer Orange 2025 75cl - Domaine Claude et Christophe Bl\u00e9ger<\/title>\n<meta name=\"robots\" content=\"index, follow, max-snippet:-1, max-image-preview:large, max-video-preview:-1\" \/>\n<link rel=\"canonical\" href=\"https:\/\/bleger.fr\/de\/produit\/gewurztraminer-orange-75cl\/\" \/>\n<meta property=\"og:locale\" content=\"de_DE\" \/>\n<meta property=\"og:type\" content=\"article\" \/>\n<meta property=\"og:title\" content=\"Gewurztraminer Orange 2025 75cl - Domaine Claude et Christophe Bl\u00e9ger\" \/>\n<meta property=\"og:url\" content=\"https:\/\/bleger.fr\/de\/produit\/gewurztraminer-orange-75cl\/\" \/>\n<meta property=\"og:site_name\" content=\"Domaine Claude et Christophe Bl\u00e9ger\" \/>\n<meta property=\"article:modified_time\" content=\"2026-04-26T07:38:31+00:00\" \/>\n<meta property=\"og:image\" content=\"https:\/\/bleger.fr\/wp-content\/uploads\/2025\/02\/gewurzt_orange-site-1.webp\" \/>\n\t<meta property=\"og:image:width\" content=\"398\" \/>\n\t<meta property=\"og:image:height\" content=\"600\" \/>\n\t<meta property=\"og:image:type\" content=\"image\/webp\" \/>\n<meta name=\"twitter:card\" content=\"summary_large_image\" \/>\n<script type=\"application\/ld+json\" class=\"yoast-schema-graph\">{\"@context\":\"https:\/\/schema.org\",\"@graph\":[{\"@type\":\"WebPage\",\"@id\":\"https:\/\/bleger.fr\/de\/produit\/gewurztraminer-orange-75cl\/\",\"url\":\"https:\/\/bleger.fr\/de\/produit\/gewurztraminer-orange-75cl\/\",\"name\":\"Gewurztraminer Orange 2025 75cl - Domaine Claude et Christophe Bl\u00e9ger\",\"isPartOf\":{\"@id\":\"https:\/\/bleger.fr\/#website\"},\"primaryImageOfPage\":{\"@id\":\"https:\/\/bleger.fr\/de\/produit\/gewurztraminer-orange-75cl\/#primaryimage\"},\"image\":{\"@id\":\"https:\/\/bleger.fr\/de\/produit\/gewurztraminer-orange-75cl\/#primaryimage\"},\"thumbnailUrl\":\"https:\/\/bleger.fr\/wp-content\/uploads\/2025\/02\/gewurzt_orange-site-1.webp\",\"datePublished\":\"2024-06-01T15:55:36+00:00\",\"dateModified\":\"2026-04-26T07:38:31+00:00\",\"breadcrumb\":{\"@id\":\"https:\/\/bleger.fr\/de\/produit\/gewurztraminer-orange-75cl\/#breadcrumb\"},\"inLanguage\":\"de\",\"potentialAction\":[{\"@type\":\"ReadAction\",\"target\":[\"https:\/\/bleger.fr\/de\/produit\/gewurztraminer-orange-75cl\/\"]}]},{\"@type\":\"ImageObject\",\"inLanguage\":\"de\",\"@id\":\"https:\/\/bleger.fr\/de\/produit\/gewurztraminer-orange-75cl\/#primaryimage\",\"url\":\"https:\/\/bleger.fr\/wp-content\/uploads\/2025\/02\/gewurzt_orange-site-1.webp\",\"contentUrl\":\"https:\/\/bleger.fr\/wp-content\/uploads\/2025\/02\/gewurzt_orange-site-1.webp\",\"width\":398,\"height\":600},{\"@type\":\"BreadcrumbList\",\"@id\":\"https:\/\/bleger.fr\/de\/produit\/gewurztraminer-orange-75cl\/#breadcrumb\",\"itemListElement\":[{\"@type\":\"ListItem\",\"position\":1,\"name\":\"Accueil\",\"item\":\"https:\/\/bleger.fr\/de\/\"},{\"@type\":\"ListItem\",\"position\":2,\"name\":\"Shop\",\"item\":\"https:\/\/bleger.fr\/de\/shop\/\"},{\"@type\":\"ListItem\",\"position\":3,\"name\":\"Gewurztraminer Orange 2025 75cl\"}]},{\"@type\":\"WebSite\",\"@id\":\"https:\/\/bleger.fr\/#website\",\"url\":\"https:\/\/bleger.fr\/\",\"name\":\"Domaine Claude et Christophe Bl\u00e9ger\",\"description\":\"\",\"potentialAction\":[{\"@type\":\"SearchAction\",\"target\":{\"@type\":\"EntryPoint\",\"urlTemplate\":\"https:\/\/bleger.fr\/?s={search_term_string}\"},\"query-input\":{\"@type\":\"PropertyValueSpecification\",\"valueRequired\":true,\"valueName\":\"search_term_string\"}}],\"inLanguage\":\"de\"}]}<\/script>\n<!-- \/ Yoast SEO plugin. -->","yoast_head_json":{"title":"Gewurztraminer Orange 2025 75cl - Domaine Claude et Christophe Bl\u00e9ger","robots":{"index":"index","follow":"follow","max-snippet":"max-snippet:-1","max-image-preview":"max-image-preview:large","max-video-preview":"max-video-preview:-1"},"canonical":"https:\/\/bleger.fr\/de\/produit\/gewurztraminer-orange-75cl\/","og_locale":"de_DE","og_type":"article","og_title":"Gewurztraminer Orange 2025 75cl - Domaine Claude et Christophe Bl\u00e9ger","og_url":"https:\/\/bleger.fr\/de\/produit\/gewurztraminer-orange-75cl\/","og_site_name":"Domaine Claude et Christophe Bl\u00e9ger","article_modified_time":"2026-04-26T07:38:31+00:00","og_image":[{"width":398,"height":600,"url":"https:\/\/bleger.fr\/wp-content\/uploads\/2025\/02\/gewurzt_orange-site-1.webp","type":"image\/webp"}],"twitter_card":"summary_large_image","schema":{"@context":"https:\/\/schema.org","@graph":[{"@type":"WebPage","@id":"https:\/\/bleger.fr\/de\/produit\/gewurztraminer-orange-75cl\/","url":"https:\/\/bleger.fr\/de\/produit\/gewurztraminer-orange-75cl\/","name":"Gewurztraminer Orange 2025 75cl - Domaine Claude et Christophe Bl\u00e9ger","isPartOf":{"@id":"https:\/\/bleger.fr\/#website"},"primaryImageOfPage":{"@id":"https:\/\/bleger.fr\/de\/produit\/gewurztraminer-orange-75cl\/#primaryimage"},"image":{"@id":"https:\/\/bleger.fr\/de\/produit\/gewurztraminer-orange-75cl\/#primaryimage"},"thumbnailUrl":"https:\/\/bleger.fr\/wp-content\/uploads\/2025\/02\/gewurzt_orange-site-1.webp","datePublished":"2024-06-01T15:55:36+00:00","dateModified":"2026-04-26T07:38:31+00:00","breadcrumb":{"@id":"https:\/\/bleger.fr\/de\/produit\/gewurztraminer-orange-75cl\/#breadcrumb"},"inLanguage":"de","potentialAction":[{"@type":"ReadAction","target":["https:\/\/bleger.fr\/de\/produit\/gewurztraminer-orange-75cl\/"]}]},{"@type":"ImageObject","inLanguage":"de","@id":"https:\/\/bleger.fr\/de\/produit\/gewurztraminer-orange-75cl\/#primaryimage","url":"https:\/\/bleger.fr\/wp-content\/uploads\/2025\/02\/gewurzt_orange-site-1.webp","contentUrl":"https:\/\/bleger.fr\/wp-content\/uploads\/2025\/02\/gewurzt_orange-site-1.webp","width":398,"height":600},{"@type":"BreadcrumbList","@id":"https:\/\/bleger.fr\/de\/produit\/gewurztraminer-orange-75cl\/#breadcrumb","itemListElement":[{"@type":"ListItem","position":1,"name":"Accueil","item":"https:\/\/bleger.fr\/de\/"},{"@type":"ListItem","position":2,"name":"Shop","item":"https:\/\/bleger.fr\/de\/shop\/"},{"@type":"ListItem","position":3,"name":"Gewurztraminer Orange 2025 75cl"}]},{"@type":"WebSite","@id":"https:\/\/bleger.fr\/#website","url":"https:\/\/bleger.fr\/","name":"Domaine Claude et Christophe Bl\u00e9ger","description":"","potentialAction":[{"@type":"SearchAction","target":{"@type":"EntryPoint","urlTemplate":"https:\/\/bleger.fr\/?s={search_term_string}"},"query-input":{"@type":"PropertyValueSpecification","valueRequired":true,"valueName":"search_term_string"}}],"inLanguage":"de"}]}},"_links":{"self":[{"href":"https:\/\/bleger.fr\/de\/wp-json\/wp\/v2\/product\/5384","targetHints":{"allow":["GET"]}}],"collection":[{"href":"https:\/\/bleger.fr\/de\/wp-json\/wp\/v2\/product"}],"about":[{"href":"https:\/\/bleger.fr\/de\/wp-json\/wp\/v2\/types\/product"}],"replies":[{"embeddable":true,"href":"https:\/\/bleger.fr\/de\/wp-json\/wp\/v2\/comments?post=5384"}],"wp:featuredmedia":[{"embeddable":true,"href":"https:\/\/bleger.fr\/de\/wp-json\/wp\/v2\/media\/5682"}],"wp:attachment":[{"href":"https:\/\/bleger.fr\/de\/wp-json\/wp\/v2\/media?parent=5384"}],"wp:term":[{"taxonomy":"product_brand","embeddable":true,"href":"https:\/\/bleger.fr\/de\/wp-json\/wp\/v2\/product_brand?post=5384"},{"taxonomy":"product_cat","embeddable":true,"href":"https:\/\/bleger.fr\/de\/wp-json\/wp\/v2\/product_cat?post=5384"},{"taxonomy":"product_tag","embeddable":true,"href":"https:\/\/bleger.fr\/de\/wp-json\/wp\/v2\/product_tag?post=5384"}],"curies":[{"name":"wp","href":"https:\/\/api.w.org\/{rel}","templated":true}]}}